{"id":367,"date":"2023-12-12T15:50:52","date_gmt":"2023-12-12T14:50:52","guid":{"rendered":"https:\/\/france-maroc.fr\/blog\/?page_id=367"},"modified":"2025-02-17T16:19:26","modified_gmt":"2025-02-17T15:19:26","slug":"france-maroc-fr","status":"publish","type":"page","link":"https:\/\/france-maroc.fr\/blog\/france-maroc-fr\/","title":{"rendered":"france-maroc.fr"},"content":{"rendered":"\n<div class=\"wp-block-group titre-home is-content-justification-center is-nowrap is-layout-flex wp-container-core-group-is-layout-d05cb3ef wp-block-group-is-layout-flex\">\n<h1 class=\"wp-block-heading has-text-align-center has-contrast-color has-text-color has-link-color wp-elements-1\" id=\"h-beaute-authentique-bien-etre-naturel-votre-guide-vers-une-vie-harmonieuse\">Voyages, culture, conseils et rencontres franco-marocaines<\/h1>\n<\/div>\n\n\n<div class=\"gb-container gb-container-d004d49a\">\n<div class=\"gb-container gb-container-5979e1bc\">\n\n<h2 class=\"gb-headline gb-headline-653b8ae5 gb-headline-text\"><a href=\"https:\/\/france-maroc.fr\/blog\/a-la-une\/\">\u00c0 la une<\/a><\/h2>\n\n\n<div class=\"gb-grid-wrapper gb-grid-wrapper-d81475ad\">\n<div class=\"gb-grid-column gb-grid-column-64f4838c\"><div class=\"gb-container gb-container-64f4838c\">\n\n<div class=\"gb-grid-wrapper gb-grid-wrapper-66dae3a3 gb-query-loop-wrapper\">\n<div class=\"gb-grid-column gb-grid-column-f8982118 gb-query-loop-item post-7664 post type-post status-publish format-standard has-post-thumbnail hentry category-a-la-une\"><div class=\"gb-container gb-container-f8982118\"><a class=\"gb-container-link\" href=\"https:\/\/france-maroc.fr\/blog\/a-la-une\/telephones-compatibles-esim-le-guide-du-voyageur-connecte\/\"><\/a>\n<figure class=\"gb-block-image gb-block-image-c648fb85\"><a href=\"https:\/\/france-maroc.fr\/blog\/a-la-une\/telephones-compatibles-esim-le-guide-du-voyageur-connecte\/\"><img loading=\"lazy\" decoding=\"async\" width=\"1200\" height=\"627\" src=\"https:\/\/images.pexels.com\/photos\/36788996\/pexels-photo-36788996.jpeg?auto=compress&amp;cs=tinysrgb&amp;fit=crop&amp;h=627&amp;w=1200\" class=\"gb-image-c648fb85\" alt=\"\" \/><\/a><\/figure>\n\n<div class=\"gb-headline gb-headline-105a8e81 gb-headline-text\"><time class=\"entry-date published\" datetime=\"2026-07-22T14:00:00+02:00\">22 juillet 2026<\/time><\/div>\n\n<h3 class=\"gb-headline gb-headline-d823eb89 gb-headline-text\"><a href=\"https:\/\/france-maroc.fr\/blog\/a-la-une\/telephones-compatibles-esim-le-guide-du-voyageur-connecte\/\">T\u00e9l\u00e9phones compatibles eSIM : le guide du voyageur connect\u00e9<\/a><\/h3>\n\n<p class=\"gb-headline gb-headline-50783b14 gb-headline-text\">\u26a1 En bref Une eSIM est une carte SIM virtuelle int\u00e9gr\u00e9e : on l&rsquo;active par QR code, sans tiroir ni passage en boutique. La quasi-totalit\u00e9 &#8230;<\/p>\n<\/div><\/div>\n<\/div>\n\n<\/div><\/div>\n\n<div class=\"gb-grid-column gb-grid-column-172c2d01\"><div class=\"gb-container gb-container-172c2d01\">\n\n<div class=\"gb-grid-wrapper gb-grid-wrapper-ae4a818a gb-query-loop-wrapper\">\n<div class=\"gb-grid-column gb-grid-column-a5958d80 gb-query-loop-item post-7616 post type-post status-publish format-standard has-post-thumbnail hentry category-a-la-une tag-investir-maroc tag-maison-2025 tag-prix-tendances\"><div class=\"gb-container gb-container-a5958d80\">\n<div class=\"gb-grid-wrapper gb-grid-wrapper-2316a5ad\">\n<div class=\"gb-grid-column gb-grid-column-f3dccbdb\"><div class=\"gb-container gb-container-f3dccbdb\">\n<figure class=\"gb-block-image gb-block-image-a77e6df6\"><a href=\"https:\/\/france-maroc.fr\/blog\/a-la-une\/investir-dans-une-maison-au-maroc-en-2025-prix-tendances-et-conseils\/\"><img loading=\"lazy\" decoding=\"async\" width=\"400\" height=\"229\" src=\"https:\/\/france-maroc.fr\/blog\/wp-content\/uploads\/2025\/12\/pag-image-693bf4c79120e-scaled.png\" class=\"gb-image-a77e6df6\" alt=\"pag-image-693bf4c79120e\" \/><\/a><\/figure>\n<\/div><\/div>\n\n<div class=\"gb-grid-column gb-grid-column-2cddd1f8\"><div class=\"gb-container gb-container-2cddd1f8\">\n<div class=\"gb-headline gb-headline-dcb58340 gb-headline-text\"><time class=\"entry-date published\" datetime=\"2026-03-09T09:58:00+01:00\">9 mars 2026<\/time><\/div>\n\n<h3 class=\"gb-headline gb-headline-23a64d89 gb-headline-text\"><a href=\"https:\/\/france-maroc.fr\/blog\/a-la-une\/investir-dans-une-maison-au-maroc-en-2025-prix-tendances-et-conseils\/\">Investir dans une maison au Maroc en 2025 : prix, tendances et conseils<\/a><\/h3>\n\n<div class=\"gb-container gb-container-5da2d10d\"><\/div>\n<\/div><\/div>\n<\/div>\n<\/div><\/div>\n\n<div class=\"gb-grid-column gb-grid-column-a5958d80 gb-query-loop-item post-7613 post type-post status-publish format-standard has-post-thumbnail hentry category-a-la-une tag-france-maroc tag-investir-maroc tag-investissement-tranger\"><div class=\"gb-container gb-container-a5958d80\">\n<div class=\"gb-grid-wrapper gb-grid-wrapper-2316a5ad\">\n<div class=\"gb-grid-column gb-grid-column-f3dccbdb\"><div class=\"gb-container gb-container-f3dccbdb\">\n<figure class=\"gb-block-image gb-block-image-a77e6df6\"><a href=\"https:\/\/france-maroc.fr\/blog\/a-la-une\/pourquoi-investir-au-maroc-depuis-la-france-en-2025-avantages-et-strategies\/\"><img loading=\"lazy\" decoding=\"async\" width=\"400\" height=\"229\" src=\"https:\/\/france-maroc.fr\/blog\/wp-content\/uploads\/2025\/12\/pag-image-693bf3d570b64-scaled.png\" class=\"gb-image-a77e6df6\" alt=\"pag-image-693bf3d570b64\" \/><\/a><\/figure>\n<\/div><\/div>\n\n<div class=\"gb-grid-column gb-grid-column-2cddd1f8\"><div class=\"gb-container gb-container-2cddd1f8\">\n<div class=\"gb-headline gb-headline-dcb58340 gb-headline-text\"><time class=\"entry-date published\" datetime=\"2026-03-05T09:50:00+01:00\">5 mars 2026<\/time><\/div>\n\n<h3 class=\"gb-headline gb-headline-23a64d89 gb-headline-text\"><a href=\"https:\/\/france-maroc.fr\/blog\/a-la-une\/pourquoi-investir-au-maroc-depuis-la-france-en-2025-avantages-et-strategies\/\">Pourquoi investir au Maroc depuis la France en 2025 : avantages et strat\u00e9gies<\/a><\/h3>\n\n<div class=\"gb-container gb-container-5da2d10d\"><\/div>\n<\/div><\/div>\n<\/div>\n<\/div><\/div>\n\n<div class=\"gb-grid-column gb-grid-column-a5958d80 gb-query-loop-item post-7506 post type-post status-publish format-standard has-post-thumbnail hentry category-a-la-une tag-croissance-2025 tag-investissement-maroc tag-opportunites-economiques\"><div class=\"gb-container gb-container-a5958d80\">\n<div class=\"gb-grid-wrapper gb-grid-wrapper-2316a5ad\">\n<div class=\"gb-grid-column gb-grid-column-f3dccbdb\"><div class=\"gb-container gb-container-f3dccbdb\">\n<figure class=\"gb-block-image gb-block-image-a77e6df6\"><a href=\"https:\/\/france-maroc.fr\/blog\/a-la-une\/investissement-au-maroc-2025-opportunites-et-perspectives-economiques\/\"><img loading=\"lazy\" decoding=\"async\" width=\"400\" height=\"229\" src=\"https:\/\/france-maroc.fr\/blog\/wp-content\/uploads\/2025\/08\/pag-image-68ae48e896914-scaled.png\" class=\"gb-image-a77e6df6\" alt=\"pag-image-68ae48e896914\" \/><\/a><\/figure>\n<\/div><\/div>\n\n<div class=\"gb-grid-column gb-grid-column-2cddd1f8\"><div class=\"gb-container gb-container-2cddd1f8\">\n<div class=\"gb-headline gb-headline-dcb58340 gb-headline-text\"><time class=\"entry-date published\" datetime=\"2025-10-30T09:32:00+01:00\">30 octobre 2025<\/time><\/div>\n\n<h3 class=\"gb-headline gb-headline-23a64d89 gb-headline-text\"><a href=\"https:\/\/france-maroc.fr\/blog\/a-la-une\/investissement-au-maroc-2025-opportunites-et-perspectives-economiques\/\">Investissement au Maroc 2025 : Opportunit\u00e9s et Perspectives \u00c9conomiques<\/a><\/h3>\n\n<div class=\"gb-container gb-container-5da2d10d\"><\/div>\n<\/div><\/div>\n<\/div>\n<\/div><\/div>\n<\/div>\n\n<\/div><\/div>\n<\/div>\n\n<div class=\"gb-grid-wrapper gb-grid-wrapper-dd363874\">\n<div class=\"gb-grid-column gb-grid-column-6e67919d\"><div class=\"gb-container gb-container-6e67919d\">\n\n<div class=\"gb-grid-wrapper gb-grid-wrapper-498f7d99 gb-query-loop-wrapper\">\n<div class=\"gb-grid-column gb-grid-column-4d5a3bc3 gb-query-loop-item post-7483 post type-post status-publish format-standard has-post-thumbnail hentry category-a-la-une tag-consulat-maroc tag-formalites-administratives tag-services-consulaires\"><div class=\"gb-container gb-container-4d5a3bc3\">\n<div class=\"gb-grid-wrapper gb-grid-wrapper-c6ab9062\">\n<div class=\"gb-grid-column gb-grid-column-d052f66a\"><div class=\"gb-container gb-container-d052f66a\">\n<figure class=\"gb-block-image gb-block-image-6582076d\"><a href=\"https:\/\/france-maroc.fr\/blog\/a-la-une\/consulat-maroc-france-role-demarches-et-services-essentiels\/\"><img loading=\"lazy\" decoding=\"async\" width=\"400\" height=\"229\" src=\"https:\/\/france-maroc.fr\/blog\/wp-content\/uploads\/2025\/08\/pag-image-68ae463618583-scaled.png\" class=\"gb-image-6582076d\" alt=\"pag-image-68ae463618583\" \/><\/a><\/figure>\n<\/div><\/div>\n\n<div class=\"gb-grid-column gb-grid-column-0827c125\"><div class=\"gb-container gb-container-0827c125\">\n<div class=\"gb-headline gb-headline-e8307352 gb-headline-text\"><time class=\"entry-date published\" datetime=\"2025-10-06T09:55:00+02:00\">6 octobre 2025<\/time><\/div>\n\n<h3 class=\"gb-headline gb-headline-599e1526 gb-headline-text\"><a href=\"https:\/\/france-maroc.fr\/blog\/a-la-une\/consulat-maroc-france-role-demarches-et-services-essentiels\/\">Consulat Maroc-France : R\u00f4le, d\u00e9marches et services essentiels<\/a><\/h3>\n\n<div class=\"gb-container gb-container-77dbf500\"><\/div>\n<\/div><\/div>\n<\/div>\n<\/div><\/div>\n\n<div class=\"gb-grid-column gb-grid-column-4d5a3bc3 gb-query-loop-item post-7477 post type-post status-publish format-standard has-post-thumbnail hentry category-a-la-une tag-evolution-diplomatie tag-france-maroc tag-partenariat-historique\"><div class=\"gb-container gb-container-4d5a3bc3\">\n<div class=\"gb-grid-wrapper gb-grid-wrapper-c6ab9062\">\n<div class=\"gb-grid-column gb-grid-column-d052f66a\"><div class=\"gb-container gb-container-d052f66a\">\n<figure class=\"gb-block-image gb-block-image-6582076d\"><a href=\"https:\/\/france-maroc.fr\/blog\/a-la-une\/lhistoire-du-partenariat-franco-marocain-depuis-1912-jalons-et-evolutions\/\"><img loading=\"lazy\" decoding=\"async\" width=\"400\" height=\"229\" src=\"https:\/\/france-maroc.fr\/blog\/wp-content\/uploads\/2025\/08\/pag-image-68ae45c49276f-scaled.png\" class=\"gb-image-6582076d\" alt=\"pag-image-68ae45c49276f\" \/><\/a><\/figure>\n<\/div><\/div>\n\n<div class=\"gb-grid-column gb-grid-column-0827c125\"><div class=\"gb-container gb-container-0827c125\">\n<div class=\"gb-headline gb-headline-e8307352 gb-headline-text\"><time class=\"entry-date published\" datetime=\"2025-09-29T09:26:00+02:00\">29 septembre 2025<\/time><\/div>\n\n<h3 class=\"gb-headline gb-headline-599e1526 gb-headline-text\"><a href=\"https:\/\/france-maroc.fr\/blog\/a-la-une\/lhistoire-du-partenariat-franco-marocain-depuis-1912-jalons-et-evolutions\/\">L\u2019histoire du partenariat franco-marocain depuis 1912 : jalons et \u00e9volutions<\/a><\/h3>\n\n<div class=\"gb-container gb-container-77dbf500\"><\/div>\n<\/div><\/div>\n<\/div>\n<\/div><\/div>\n\n<div class=\"gb-grid-column gb-grid-column-4d5a3bc3 gb-query-loop-item post-7435 post type-post status-publish format-standard has-post-thumbnail hentry category-a-la-une\"><div class=\"gb-container gb-container-4d5a3bc3\">\n<div class=\"gb-grid-wrapper gb-grid-wrapper-c6ab9062\">\n<div class=\"gb-grid-column gb-grid-column-d052f66a\"><div class=\"gb-container gb-container-d052f66a\">\n<figure class=\"gb-block-image gb-block-image-6582076d\"><a href=\"https:\/\/france-maroc.fr\/blog\/a-la-une\/malte-itineraire-entre-patrimoine-et-detente-au-soleil\/\"><img loading=\"lazy\" decoding=\"async\" width=\"400\" height=\"167\" src=\"https:\/\/france-maroc.fr\/blog\/wp-content\/uploads\/2025\/05\/sdxl-b533f6c45dc65dca3b6509d0ce531550-scaled.png\" class=\"gb-image-6582076d\" alt=\"\" \/><\/a><\/figure>\n<\/div><\/div>\n\n<div class=\"gb-grid-column gb-grid-column-0827c125\"><div class=\"gb-container gb-container-0827c125\">\n<div class=\"gb-headline gb-headline-e8307352 gb-headline-text\"><time class=\"entry-date published\" datetime=\"2025-04-25T12:39:42+02:00\">25 avril 2025<\/time><\/div>\n\n<h3 class=\"gb-headline gb-headline-599e1526 gb-headline-text\"><a href=\"https:\/\/france-maroc.fr\/blog\/a-la-une\/malte-itineraire-entre-patrimoine-et-detente-au-soleil\/\">Malte : Itin\u00e9raire entre patrimoine et d\u00e9tente au soleil<\/a><\/h3>\n\n<div class=\"gb-container gb-container-77dbf500\"><\/div>\n<\/div><\/div>\n<\/div>\n<\/div><\/div>\n<\/div>\n\n<\/div><\/div>\n\n<div class=\"gb-grid-column gb-grid-column-2101bea1\"><div class=\"gb-container gb-container-2101bea1\">\n\n<div class=\"gb-grid-wrapper gb-grid-wrapper-160fd551 gb-query-loop-wrapper\"><\/div>\n\n<\/div><\/div>\n\n<div class=\"gb-grid-column gb-grid-column-a6ee4012\"><div class=\"gb-container gb-container-a6ee4012\">\n\n<div class=\"gb-grid-wrapper gb-grid-wrapper-d91db76b gb-query-loop-wrapper\"><\/div>\n\n<\/div><\/div>\n\n<div class=\"gb-grid-column gb-grid-column-24890074\"><div class=\"gb-container gb-container-24890074\">\n\n<div class=\"gb-grid-wrapper gb-grid-wrapper-ec0235a6 gb-query-loop-wrapper\"><\/div>\n\n<\/div><\/div>\n<\/div>\n<\/div>\n<\/div>\n\n\n<p class=\"wp-block-paragraph\"><\/p>\n","protected":false},"excerpt":{"rendered":"","protected":false},"author":34,"featured_media":0,"parent":0,"menu_order":0,"comment_status":"closed","ping_status":"closed","template":"","meta":{"_acf_changed":false,"manual_indexmenow":false,"indexmenow_id_project":0,"footnotes":""},"class_list":["post-367","page","type-page","status-publish"],"acf":[],"yoast_head":"<!-- This site is optimized with the Yoast SEO Premium plugin v21.3 (Yoast SEO v25.6) - https:\/\/yoast.com\/wordpress\/plugins\/seo\/ -->\n<title>France Maroc, l\u2019alliance de deux cultures<\/title>\n<meta name=\"description\" content=\"France-Maroc.fr vous fait voyager entre deux mondes riches en traditions et en modernit\u00e9.\" \/>\n<meta name=\"robots\" content=\"index, follow, max-snippet:-1, max-image-preview:large, max-video-preview:-1\" \/>\n<link rel=\"canonical\" href=\"https:\/\/france-maroc.fr\/blog\/france-maroc-fr\/\" \/>\n<meta property=\"og:locale\" content=\"fr_FR\" \/>\n<meta property=\"og:type\" content=\"article\" \/>\n<meta property=\"og:title\" content=\"France Maroc, l\u2019alliance de deux cultures\" \/>\n<meta property=\"og:description\" content=\"France-Maroc.fr vous fait voyager entre deux mondes riches en traditions et en modernit\u00e9.\" \/>\n<meta property=\"og:url\" content=\"https:\/\/france-maroc.fr\/blog\/france-maroc-fr\/\" \/>\n<meta property=\"og:site_name\" content=\"france-maroc\" \/>\n<meta name=\"twitter:card\" content=\"summary_large_image\" \/>\n<script type=\"application\/ld+json\" class=\"yoast-schema-graph\">{\"@context\":\"https:\/\/schema.org\",\"@graph\":[{\"@type\":\"WebPage\",\"@id\":\"https:\/\/france-maroc.fr\/blog\/france-maroc-fr\/\",\"url\":\"https:\/\/france-maroc.fr\/blog\/france-maroc-fr\/\",\"name\":\"France Maroc, l\u2019alliance de deux cultures\",\"isPartOf\":{\"@id\":\"https:\/\/france-maroc.fr\/blog\/#website\"},\"datePublished\":\"2023-12-12T14:50:52+00:00\",\"dateModified\":\"2025-02-17T15:19:26+00:00\",\"description\":\"France-Maroc.fr vous fait voyager entre deux mondes riches en traditions et en modernit\u00e9.\",\"inLanguage\":\"fr-FR\",\"potentialAction\":[{\"@type\":\"ReadAction\",\"target\":[\"https:\/\/france-maroc.fr\/blog\/france-maroc-fr\/\"]}]},{\"@type\":\"WebSite\",\"@id\":\"https:\/\/france-maroc.fr\/blog\/#website\",\"url\":\"https:\/\/france-maroc.fr\/blog\/\",\"name\":\"france-maroc.fr\",\"description\":\"L\u2019art de vivre franco-marocain.\",\"publisher\":{\"@id\":\"https:\/\/france-maroc.fr\/blog\/#organization\"},\"alternateName\":\"L\u2019art de vivre franco-marocain.\",\"potentialAction\":[{\"@type\":\"SearchAction\",\"target\":{\"@type\":\"EntryPoint\",\"urlTemplate\":\"https:\/\/france-maroc.fr\/blog\/?s={search_term_string}\"},\"query-input\":{\"@type\":\"PropertyValueSpecification\",\"valueRequired\":true,\"valueName\":\"search_term_string\"}}],\"inLanguage\":\"fr-FR\"},{\"@type\":\"Organization\",\"@id\":\"https:\/\/france-maroc.fr\/blog\/#organization\",\"name\":\"Foretsensations.fr\",\"url\":\"https:\/\/france-maroc.fr\/blog\/\",\"logo\":{\"@type\":\"ImageObject\",\"inLanguage\":\"fr-FR\",\"@id\":\"https:\/\/france-maroc.fr\/blog\/#\/schema\/logo\/image\/\",\"url\":\"https:\/\/france-maroc.fr\/blog\/wp-content\/uploads\/2024\/12\/45.png\",\"contentUrl\":\"https:\/\/france-maroc.fr\/blog\/wp-content\/uploads\/2024\/12\/45.png\",\"width\":500,\"height\":500,\"caption\":\"Foretsensations.fr\"},\"image\":{\"@id\":\"https:\/\/france-maroc.fr\/blog\/#\/schema\/logo\/image\/\"}}]}<\/script>\n<!-- \/ Yoast SEO Premium plugin. -->","yoast_head_json":{"title":"France Maroc, l\u2019alliance de deux cultures","description":"France-Maroc.fr vous fait voyager entre deux mondes riches en traditions et en modernit\u00e9.","robots":{"index":"index","follow":"follow","max-snippet":"max-snippet:-1","max-image-preview":"max-image-preview:large","max-video-preview":"max-video-preview:-1"},"canonical":"https:\/\/france-maroc.fr\/blog\/france-maroc-fr\/","og_locale":"fr_FR","og_type":"article","og_title":"France Maroc, l\u2019alliance de deux cultures","og_description":"France-Maroc.fr vous fait voyager entre deux mondes riches en traditions et en modernit\u00e9.","og_url":"https:\/\/france-maroc.fr\/blog\/france-maroc-fr\/","og_site_name":"france-maroc","twitter_card":"summary_large_image","schema":{"@context":"https:\/\/schema.org","@graph":[{"@type":"WebPage","@id":"https:\/\/france-maroc.fr\/blog\/france-maroc-fr\/","url":"https:\/\/france-maroc.fr\/blog\/france-maroc-fr\/","name":"France Maroc, l\u2019alliance de deux cultures","isPartOf":{"@id":"https:\/\/france-maroc.fr\/blog\/#website"},"datePublished":"2023-12-12T14:50:52+00:00","dateModified":"2025-02-17T15:19:26+00:00","description":"France-Maroc.fr vous fait voyager entre deux mondes riches en traditions et en modernit\u00e9.","inLanguage":"fr-FR","potentialAction":[{"@type":"ReadAction","target":["https:\/\/france-maroc.fr\/blog\/france-maroc-fr\/"]}]},{"@type":"WebSite","@id":"https:\/\/france-maroc.fr\/blog\/#website","url":"https:\/\/france-maroc.fr\/blog\/","name":"france-maroc.fr","description":"L\u2019art de vivre franco-marocain.","publisher":{"@id":"https:\/\/france-maroc.fr\/blog\/#organization"},"alternateName":"L\u2019art de vivre franco-marocain.","potentialAction":[{"@type":"SearchAction","target":{"@type":"EntryPoint","urlTemplate":"https:\/\/france-maroc.fr\/blog\/?s={search_term_string}"},"query-input":{"@type":"PropertyValueSpecification","valueRequired":true,"valueName":"search_term_string"}}],"inLanguage":"fr-FR"},{"@type":"Organization","@id":"https:\/\/france-maroc.fr\/blog\/#organization","name":"Foretsensations.fr","url":"https:\/\/france-maroc.fr\/blog\/","logo":{"@type":"ImageObject","inLanguage":"fr-FR","@id":"https:\/\/france-maroc.fr\/blog\/#\/schema\/logo\/image\/","url":"https:\/\/france-maroc.fr\/blog\/wp-content\/uploads\/2024\/12\/45.png","contentUrl":"https:\/\/france-maroc.fr\/blog\/wp-content\/uploads\/2024\/12\/45.png","width":500,"height":500,"caption":"Foretsensations.fr"},"image":{"@id":"https:\/\/france-maroc.fr\/blog\/#\/schema\/logo\/image\/"}}]}},"_links":{"self":[{"href":"https:\/\/france-maroc.fr\/blog\/wp-json\/wp\/v2\/pages\/367","targetHints":{"allow":["GET"]}}],"collection":[{"href":"https:\/\/france-maroc.fr\/blog\/wp-json\/wp\/v2\/pages"}],"about":[{"href":"https:\/\/france-maroc.fr\/blog\/wp-json\/wp\/v2\/types\/page"}],"author":[{"embeddable":true,"href":"https:\/\/france-maroc.fr\/blog\/wp-json\/wp\/v2\/users\/34"}],"replies":[{"embeddable":true,"href":"https:\/\/france-maroc.fr\/blog\/wp-json\/wp\/v2\/comments?post=367"}],"version-history":[{"count":63,"href":"https:\/\/france-maroc.fr\/blog\/wp-json\/wp\/v2\/pages\/367\/revisions"}],"predecessor-version":[{"id":7429,"href":"https:\/\/france-maroc.fr\/blog\/wp-json\/wp\/v2\/pages\/367\/revisions\/7429"}],"wp:attachment":[{"href":"https:\/\/france-maroc.fr\/blog\/wp-json\/wp\/v2\/media?parent=367"}],"curies":[{"name":"wp","href":"https:\/\/api.w.org\/{rel}","templated":true}]}}